{"id":25548444,"date":"2024-06-19T14:44:07","date_gmt":"2024-06-19T14:44:07","guid":{"rendered":"https:\/\/dari-system.com\/calhas-de-chuva-guarda-folhas\/"},"modified":"2024-08-20T10:34:29","modified_gmt":"2024-08-20T10:34:29","slug":"calhas-de-chuva-guarda-folhas","status":"publish","type":"page","link":"https:\/\/dari-system.com\/pt-pt\/calhas-de-chuva-guarda-folhas\/","title":{"rendered":"Calhas de chuva Guarda-folhas"},"content":{"rendered":"<p>[et_pb_section fb_built=&#8221;1&#8243; fullwidth=&#8221;on&#8221; _builder_version=&#8221;4.25.0&#8243; _module_preset=&#8221;default&#8221; bottom_divider_color=&#8221;#FFFFFF&#8221; bottom_divider_height=&#8221;82px&#8221; bottom_divider_flip=&#8221;horizontal&#8221; locked=&#8221;off&#8221; global_colors_info=&#8221;{}&#8221;][et_pb_fullwidth_header title=&#8221;Calhas de chuva Guarda-folhas&#8221; subhead=&#8221;e tens menos uma coisa com que te preocupares&#8221; _builder_version=&#8221;4.25.0&#8243; _module_preset=&#8221;default&#8221; title_font=&#8221;|800|||||||&#8221; title_font_size=&#8221;45px&#8221; background_image=&#8221;https:\/\/dari-system.com\/wp-content\/uploads\/2024\/05\/header_background.webp&#8221; background_position=&#8221;bottom_center&#8221; custom_padding=&#8221;8vh||8vh||true|false&#8221; hover_enabled=&#8221;0&#8243; title_font_size_tablet=&#8221;45px&#8221; title_font_size_phone=&#8221;29px&#8221; title_font_size_last_edited=&#8221;on|phone&#8221; content_font_size_tablet=&#8221;&#8221; content_font_size_phone=&#8221;17px&#8221; content_font_size_last_edited=&#8221;on|phone&#8221; global_colors_info=&#8221;{}&#8221; sticky_enabled=&#8221;0&#8243;][\/et_pb_fullwidth_header][\/et_pb_section][et_pb_section fb_built=&#8221;1&#8243; _builder_version=&#8221;4.25.0&#8243; _module_preset=&#8221;default&#8221; custom_margin=&#8221;||0px||false|false&#8221; custom_padding=&#8221;||0px||false|false&#8221; global_colors_info=&#8221;{}&#8221;][et_pb_row _builder_version=&#8221;4.25.0&#8243; _module_preset=&#8221;default&#8221; global_colors_info=&#8221;{}&#8221;][et_pb_column type=&#8221;4_4&#8243; _builder_version=&#8221;4.25.0&#8243; _module_preset=&#8221;default&#8221; global_colors_info=&#8221;{}&#8221;][et_pb_text _builder_version=&#8221;4.25.0&#8243; _module_preset=&#8221;default&#8221; header_2_font=&#8221;|700|||||||&#8221; hover_enabled=&#8221;0&#8243; global_colors_info=&#8221;{}&#8221; sticky_enabled=&#8221;0&#8243;]<\/p>\n<h2>A prote\u00e7\u00e3o fi\u00e1vel das folhas da caleira<\/h2>\n<p>  Com a nossa prote\u00e7\u00e3o das folhas da caleira, j\u00e1 n\u00e3o precisa de se preocupar com o entupimento da caleira.<br \/>\nA prote\u00e7\u00e3o das folhas da caleira protege de forma fi\u00e1vel as calhas de meia-volta e de caixa dos bloqueios causados por folhas ou agulhas.<br \/>\nA instala\u00e7\u00e3o da prote\u00e7\u00e3o das folhas da caleira \u00e9 uma brincadeira de crian\u00e7as.<br \/>\nNem sequer precisas de ferramentas.<br \/>\nA prote\u00e7\u00e3o das folhas da caleira \u00e9 simplesmente colocada na caleira e fixada ao rebordo redondo na parte da frente.<br \/>\nOs clipes est\u00e3o dispon\u00edveis em preto e prateado.<br \/>\nIsto significa que os clipes s\u00e3o pouco vis\u00edveis a partir de baixo.<br \/>\nE, no entanto, a tua caleira continua a ser protegida de forma excelente pela prote\u00e7\u00e3o das folhas da caleira.<br \/>\nNo entanto, a prote\u00e7\u00e3o das folhas da caleira n\u00e3o protege a caleira de folhas ou agulhas.<br \/>\nPequenos ramos ou musgo s\u00e3o tamb\u00e9m soprados do telhado e acabariam na caleira, se esta n\u00e3o estivesse protegida pela prote\u00e7\u00e3o das folhas da caleira.[\/et_pb_text][\/et_pb_column][\/et_pb_row][et_pb_row column_structure=&#8221;1_2,1_2&#8243; _builder_version=&#8221;4.25.0&#8243; _module_preset=&#8221;default&#8221; global_colors_info=&#8221;{}&#8221;][et_pb_column type=&#8221;1_2&#8243; _builder_version=&#8221;4.25.0&#8243; _module_preset=&#8221;default&#8221; global_colors_info=&#8221;{}&#8221;][et_pb_text _builder_version=&#8221;4.25.0&#8243; _module_preset=&#8221;default&#8221; header_2_font=&#8221;|700|||||||&#8221; hover_enabled=&#8221;0&#8243; global_colors_info=&#8221;{}&#8221; sticky_enabled=&#8221;0&#8243;]<\/p>\n<h2>A nossa prote\u00e7\u00e3o contra as folhas das caleiras adapta-se a quase todas as caleiras<\/h2>\n<p>  Dependendo do tamanho do teu telhado, o tamanho da caleira tamb\u00e9m ser\u00e1 adaptado a isso.<br \/>\nPara telhados muito grandes, instala-se frequentemente uma caleira de tamanho 40 e para telhados pequenos, uma caleira de tamanho 28.<br \/>\nNo entanto, na constru\u00e7\u00e3o residencial, as calhas de tamanho 33 s\u00e3o as mais utilizadas.<br \/>\nPodes ver o tamanho da tua caleira na extremidade da caleira.<br \/>\nExiste uma placa de extremidade.<br \/>\nEsta placa indica normalmente o tamanho da caleira.<br \/>\nO tamanho da caleira \u00e9 muito importante para garantir que a prote\u00e7\u00e3o das folhas da caleira se encaixa perfeitamente.<br \/>\nNo entanto, no caso das caleiras de caixa, \u00e9 frequente existirem caleiras n\u00e3o normalizadas, por exemplo, num jardim de inverno ou numa varanda.<br \/>\nPor isso, a nossa prote\u00e7\u00e3o da folha da caleira para caleiras de caixa \u00e9 muito flex\u00edvel e pode ser adaptada a larguras muito diferentes de caleiras de caixa.<br \/>\nTanto a altura como a largura da prote\u00e7\u00e3o da folha da caleira para caleiras de caixa podem ser ajustadas.[\/et_pb_text][\/et_pb_column][et_pb_column type=&#8221;1_2&#8243; _builder_version=&#8221;4.25.0&#8243; _module_preset=&#8221;default&#8221; global_colors_info=&#8221;{}&#8221;][et_pb_image src=&#8221;https:\/\/dari-system.com\/wp-content\/uploads\/2024\/06\/regenrinnen-laubschutz.webp&#8221; alt=&#8221;Calhas de chuva Guarda-folhas&#8221; title_text=&#8221;prote\u00e7\u00e3o de caleiras&#8221; _builder_version=&#8221;4.25.0&#8243; _module_preset=&#8221;default&#8221; custom_margin=&#8221;||5px||false|false&#8221; hover_enabled=&#8221;0&#8243; global_colors_info=&#8221;{}&#8221; sticky_enabled=&#8221;0&#8243;][\/et_pb_image][et_pb_text _builder_version=&#8221;4.25.0&#8243; _module_preset=&#8221;default&#8221; custom_margin=&#8221;0px||||false|false&#8221; hover_enabled=&#8221;0&#8243; global_colors_info=&#8221;{}&#8221; sticky_enabled=&#8221;0&#8243;]<\/p>\n<p style=\"text-align: center;\"><em>Prote\u00e7\u00e3o das folhas para cada caleira<\/em><\/p>\n<p>[\/et_pb_text][\/et_pb_column][\/et_pb_row][\/et_pb_section][et_pb_section fb_built=&#8221;1&#8243; _builder_version=&#8221;4.25.0&#8243; _module_preset=&#8221;default&#8221; custom_margin=&#8221;0px||||false|false&#8221; custom_padding=&#8221;0px||||false|false&#8221; global_colors_info=&#8221;{}&#8221;][et_pb_row _builder_version=&#8221;4.25.0&#8243; _module_preset=&#8221;default&#8221; hover_enabled=&#8221;0&#8243; global_colors_info=&#8221;{}&#8221; sticky_enabled=&#8221;0&#8243;][et_pb_column type=&#8221;4_4&#8243; _builder_version=&#8221;4.25.0&#8243; _module_preset=&#8221;default&#8221; global_colors_info=&#8221;{}&#8221;][et_pb_text _builder_version=&#8221;4.25.0&#8243; _module_preset=&#8221;default&#8221; header_2_font=&#8221;|700|||||||&#8221; hover_enabled=&#8221;0&#8243; global_colors_info=&#8221;{}&#8221; sticky_enabled=&#8221;0&#8243;]<\/p>\n<h2>Confia em mais de 20 anos de experi\u00eancia com a nossa prote\u00e7\u00e3o das folhas das caleiras<\/h2>\n<p>H\u00e1 mais de 20 anos que nos debru\u00e7amos sobre a quest\u00e3o da prote\u00e7\u00e3o das caleiras contra os entupimentos causados por folhas, agulhas, galhos, musgo ou flores de \u00e1rvores.<br \/>\nRecebemos pedidos de propriet\u00e1rios cuja casa fica junto a um grande pinheiro e que est\u00e3o desesperados porque a caleira fica cheia de agulhas de pinheiro todas as semanas.<br \/>\nCom a prote\u00e7\u00e3o contra as folhas do algeroz, estes propriet\u00e1rios est\u00e3o felizes por terem resolvido este problema.<br \/>\nCom os nossos produtos, j\u00e1 demos a muitos clientes uma vida despreocupada de volta.   <\/p>\n<h2>O servi\u00e7o \u00e9 a nossa principal prioridade<\/h2>\n<p>Ficamos muito satisfeitos quando recebemos pedidos de informa\u00e7\u00e3o de clientes que nos enviam fotografias das suas caleiras e nos perguntam se a nossa prote\u00e7\u00e3o contra folhas de caleiras \u00e9 adequada para as suas caleiras.<br \/>\nOs clientes recebem aconselhamento gratuito e, em quase todos os casos, podemos ajudar a impedir o entupimento da caleira.<br \/>\nUma vez que a prote\u00e7\u00e3o das folhas da caleira \u00e9 feita de polipropileno dur\u00e1vel com prote\u00e7\u00e3o UV, recebemos frequentemente feedback positivo dos clientes sobre a sua satisfa\u00e7\u00e3o, mesmo ap\u00f3s muitos anos.<br \/>\nTamb\u00e9m fazemos algo de bom para o ambiente, porque os nossos produtos s\u00e3o totalmente recicl\u00e1veis.<br \/>\nE o melhor de tudo: a prote\u00e7\u00e3o das folhas da caleira foi concebida na Alemanha e \u00e9 fabricada na Alemanha.<br \/>\nFabricado na Alemanha \u00e9 sin\u00f3nimo da mais elevada qualidade e durabilidade.     <\/p>\n<h2>Instru\u00e7\u00f5es para a instala\u00e7\u00e3o de protectores de folhas para a caleira<\/h2>\n<p><strong>Instala a tua prote\u00e7\u00e3o contra folhas para caleiras em 5 passos<\/strong><\/p>\n<ol>\n<li>Prepara\u00e7\u00e3o: Antes de instalares a prote\u00e7\u00e3o das folhas da caleira, deves limpar bem a caleira<\/li>\n<li>Prepara os materiais: N\u00e3o precisas de um martelo ou de um parafuso para instalar a prote\u00e7\u00e3o das folhas da caleira.<br \/>\nBasta deslizar os clipes para o sistema DaRi e est\u00e1 pronto a funcionar. <\/li>\n<li>Instala\u00e7\u00e3o: A instala\u00e7\u00e3o \u00e9 uma brincadeira de crian\u00e7as.<br \/>\nBasta colocar a prote\u00e7\u00e3o das folhas da caleira na caleira e deslizar os clipes para o cord\u00e3o redondo na parte da frente.<br \/>\nDe seguida, coloca a prote\u00e7\u00e3o das folhas da caleira de ponta a ponta.<br \/>\nAs pe\u00e7as individuais n\u00e3o devem sobrepor-se.   <\/li>\n<li>Corta \u00e0 medida: Dependendo da forma como as pe\u00e7as de 76 cm de comprimento da prote\u00e7\u00e3o das folhas da caleira encaixam na caleira, a \u00faltima pe\u00e7a pode ter de ser ligeiramente encurtada.<br \/>\nPara isso, a \u00faltima pe\u00e7a da prote\u00e7\u00e3o das folhas da caleira pode ser cortada no comprimento correto com uma tesoura ou uma tesoura de podar. <\/li>\n<li>Conclus\u00e3o: Depois de a prote\u00e7\u00e3o contra as folhas da caleira ter sido instalada de forma segura, todos os res\u00edduos devem ser eliminados de forma adequada e a escada deve ser recolocada no lugar.<\/li>\n<\/ol>\n<p>Isto tamb\u00e9m pode ser do teu interesse:<\/p>\n<ul>\n<li><a href=\"https:\/\/dari-system.com\/pt-pt\/caleira-de-protecao-contra-folhas\/\" title=\"Caleira de prote\u00e7\u00e3o contra folhas\">Prote\u00e7\u00e3o contra as folhas para a caleira<\/a><\/li>\n<li><a href=\"https:\/\/dari-system.com\/pt-pt\/calhas-de-chuva-guarda-folhas\/\" title=\"Calhas de chuva Guarda-folhas\">Calhas de chuva Guarda-folhas<\/a><\/li>\n<li><a href=\"https:\/\/dari-system.com\/laubschutz-dachrinne\/\" title=\"Caleira de prote\u00e7\u00e3o contra folhas\">Prote\u00e7\u00e3o contra as folhas para a caleira<\/a><\/li>\n<li><a href=\"https:\/\/dari-system.com\/pt-pt\/tampa-da-caleira\/\" title=\"Tampa da caleira\">  Tampa da caleira<\/a><\/li>\n<\/ul>\n<p>[\/et_pb_text][\/et_pb_column][\/et_pb_row][\/et_pb_section]<\/p>\n","protected":false},"excerpt":{"rendered":"<p>A prote\u00e7\u00e3o fi\u00e1vel das folhas da caleira Com a nossa prote\u00e7\u00e3o das folhas da caleira, j\u00e1 n\u00e3o precisa de se preocupar com o entupimento da caleira. A prote\u00e7\u00e3o das folhas da caleira protege de forma fi\u00e1vel as calhas de meia-volta e de caixa dos bloqueios causados por folhas ou agulhas. A instala\u00e7\u00e3o da prote\u00e7\u00e3o das [&hellip;]<\/p>\n","protected":false},"author":1,"featured_media":0,"parent":0,"menu_order":0,"comment_status":"closed","ping_status":"closed","template":"","meta":{"_et_pb_use_builder":"on","_et_pb_old_content":"","_et_gb_content_width":"","iawp_total_views":40,"footnotes":""},"dipi_cpt_category":[],"class_list":["post-25548444","page","type-page","status-publish","hentry"],"yoast_head":"<!-- This site is optimized with the Yoast SEO plugin v27.4 - https:\/\/yoast.com\/product\/yoast-seo-wordpress\/ -->\n<title>Prote\u00e7\u00e3o contra as folhas da caleira DaRi - prote\u00e7\u00e3o contra as folhas na caleira<\/title>\n<meta name=\"description\" content=\"Protege a tua caleira com a prote\u00e7\u00e3o contra folhas DaRi. Evita os bloqueios e os danos causados pela \u00e1gua devido \u00e0s folhas na caleira. Descobre mais agora!\" \/>\n<meta name=\"robots\" content=\"index, follow, max-snippet:-1, max-image-preview:large, max-video-preview:-1\" \/>\n<link rel=\"canonical\" href=\"https:\/\/dari-system.com\/pt-pt\/calhas-de-chuva-guarda-folhas\/\" \/>\n<meta property=\"og:locale\" content=\"pt_PT\" \/>\n<meta property=\"og:type\" content=\"article\" \/>\n<meta property=\"og:title\" content=\"Prote\u00e7\u00e3o contra as folhas da caleira DaRi - prote\u00e7\u00e3o contra as folhas na caleira\" \/>\n<meta property=\"og:description\" content=\"Protege a tua caleira com a prote\u00e7\u00e3o contra folhas DaRi. Evita os bloqueios e os danos causados pela \u00e1gua devido \u00e0s folhas na caleira. Descobre mais agora!\" \/>\n<meta property=\"og:url\" content=\"https:\/\/dari-system.com\/pt-pt\/calhas-de-chuva-guarda-folhas\/\" \/>\n<meta property=\"og:site_name\" content=\"DaRi System\" \/>\n<meta property=\"article:modified_time\" content=\"2024-08-20T10:34:29+00:00\" \/>\n<meta name=\"twitter:card\" content=\"summary_large_image\" \/>\n<meta name=\"twitter:label1\" content=\"Tempo estimado de leitura\" \/>\n\t<meta name=\"twitter:data1\" content=\"6 minutos\" \/>\n<script type=\"application\/ld+json\" class=\"yoast-schema-graph\">{\"@context\":\"https:\\\/\\\/schema.org\",\"@graph\":[{\"@type\":\"WebPage\",\"@id\":\"https:\\\/\\\/dari-system.com\\\/pt-pt\\\/calhas-de-chuva-guarda-folhas\\\/\",\"url\":\"https:\\\/\\\/dari-system.com\\\/pt-pt\\\/calhas-de-chuva-guarda-folhas\\\/\",\"name\":\"Prote\u00e7\u00e3o contra as folhas da caleira DaRi - prote\u00e7\u00e3o contra as folhas na caleira\",\"isPartOf\":{\"@id\":\"https:\\\/\\\/dari-system.com\\\/pt-pt\\\/#website\"},\"datePublished\":\"2024-06-19T14:44:07+00:00\",\"dateModified\":\"2024-08-20T10:34:29+00:00\",\"description\":\"Protege a tua caleira com a prote\u00e7\u00e3o contra folhas DaRi. Evita os bloqueios e os danos causados pela \u00e1gua devido \u00e0s folhas na caleira. Descobre mais agora!\",\"breadcrumb\":{\"@id\":\"https:\\\/\\\/dari-system.com\\\/pt-pt\\\/calhas-de-chuva-guarda-folhas\\\/#breadcrumb\"},\"inLanguage\":\"pt-PT\",\"potentialAction\":[{\"@type\":\"ReadAction\",\"target\":[\"https:\\\/\\\/dari-system.com\\\/pt-pt\\\/calhas-de-chuva-guarda-folhas\\\/\"]}]},{\"@type\":\"BreadcrumbList\",\"@id\":\"https:\\\/\\\/dari-system.com\\\/pt-pt\\\/calhas-de-chuva-guarda-folhas\\\/#breadcrumb\",\"itemListElement\":[{\"@type\":\"ListItem\",\"position\":1,\"name\":\"Startseite\",\"item\":\"https:\\\/\\\/dari-system.com\\\/pt-pt\\\/\"},{\"@type\":\"ListItem\",\"position\":2,\"name\":\"Calhas de chuva Guarda-folhas\"}]},{\"@type\":\"WebSite\",\"@id\":\"https:\\\/\\\/dari-system.com\\\/pt-pt\\\/#website\",\"url\":\"https:\\\/\\\/dari-system.com\\\/pt-pt\\\/\",\"name\":\"DaRi System\",\"description\":\"\",\"potentialAction\":[{\"@type\":\"SearchAction\",\"target\":{\"@type\":\"EntryPoint\",\"urlTemplate\":\"https:\\\/\\\/dari-system.com\\\/pt-pt\\\/?s={search_term_string}\"},\"query-input\":{\"@type\":\"PropertyValueSpecification\",\"valueRequired\":true,\"valueName\":\"search_term_string\"}}],\"inLanguage\":\"pt-PT\"}]}<\/script>\n<!-- \/ Yoast SEO plugin. -->","yoast_head_json":{"title":"Prote\u00e7\u00e3o contra as folhas da caleira DaRi - prote\u00e7\u00e3o contra as folhas na caleira","description":"Protege a tua caleira com a prote\u00e7\u00e3o contra folhas DaRi. Evita os bloqueios e os danos causados pela \u00e1gua devido \u00e0s folhas na caleira. Descobre mais agora!","robots":{"index":"index","follow":"follow","max-snippet":"max-snippet:-1","max-image-preview":"max-image-preview:large","max-video-preview":"max-video-preview:-1"},"canonical":"https:\/\/dari-system.com\/pt-pt\/calhas-de-chuva-guarda-folhas\/","og_locale":"pt_PT","og_type":"article","og_title":"Prote\u00e7\u00e3o contra as folhas da caleira DaRi - prote\u00e7\u00e3o contra as folhas na caleira","og_description":"Protege a tua caleira com a prote\u00e7\u00e3o contra folhas DaRi. Evita os bloqueios e os danos causados pela \u00e1gua devido \u00e0s folhas na caleira. Descobre mais agora!","og_url":"https:\/\/dari-system.com\/pt-pt\/calhas-de-chuva-guarda-folhas\/","og_site_name":"DaRi System","article_modified_time":"2024-08-20T10:34:29+00:00","twitter_card":"summary_large_image","twitter_misc":{"Tempo estimado de leitura":"6 minutos"},"schema":{"@context":"https:\/\/schema.org","@graph":[{"@type":"WebPage","@id":"https:\/\/dari-system.com\/pt-pt\/calhas-de-chuva-guarda-folhas\/","url":"https:\/\/dari-system.com\/pt-pt\/calhas-de-chuva-guarda-folhas\/","name":"Prote\u00e7\u00e3o contra as folhas da caleira DaRi - prote\u00e7\u00e3o contra as folhas na caleira","isPartOf":{"@id":"https:\/\/dari-system.com\/pt-pt\/#website"},"datePublished":"2024-06-19T14:44:07+00:00","dateModified":"2024-08-20T10:34:29+00:00","description":"Protege a tua caleira com a prote\u00e7\u00e3o contra folhas DaRi. Evita os bloqueios e os danos causados pela \u00e1gua devido \u00e0s folhas na caleira. Descobre mais agora!","breadcrumb":{"@id":"https:\/\/dari-system.com\/pt-pt\/calhas-de-chuva-guarda-folhas\/#breadcrumb"},"inLanguage":"pt-PT","potentialAction":[{"@type":"ReadAction","target":["https:\/\/dari-system.com\/pt-pt\/calhas-de-chuva-guarda-folhas\/"]}]},{"@type":"BreadcrumbList","@id":"https:\/\/dari-system.com\/pt-pt\/calhas-de-chuva-guarda-folhas\/#breadcrumb","itemListElement":[{"@type":"ListItem","position":1,"name":"Startseite","item":"https:\/\/dari-system.com\/pt-pt\/"},{"@type":"ListItem","position":2,"name":"Calhas de chuva Guarda-folhas"}]},{"@type":"WebSite","@id":"https:\/\/dari-system.com\/pt-pt\/#website","url":"https:\/\/dari-system.com\/pt-pt\/","name":"DaRi System","description":"","potentialAction":[{"@type":"SearchAction","target":{"@type":"EntryPoint","urlTemplate":"https:\/\/dari-system.com\/pt-pt\/?s={search_term_string}"},"query-input":{"@type":"PropertyValueSpecification","valueRequired":true,"valueName":"search_term_string"}}],"inLanguage":"pt-PT"}]}},"_links":{"self":[{"href":"https:\/\/dari-system.com\/pt-pt\/wp-json\/wp\/v2\/pages\/25548444","targetHints":{"allow":["GET"]}}],"collection":[{"href":"https:\/\/dari-system.com\/pt-pt\/wp-json\/wp\/v2\/pages"}],"about":[{"href":"https:\/\/dari-system.com\/pt-pt\/wp-json\/wp\/v2\/types\/page"}],"author":[{"embeddable":true,"href":"https:\/\/dari-system.com\/pt-pt\/wp-json\/wp\/v2\/users\/1"}],"replies":[{"embeddable":true,"href":"https:\/\/dari-system.com\/pt-pt\/wp-json\/wp\/v2\/comments?post=25548444"}],"version-history":[{"count":1,"href":"https:\/\/dari-system.com\/pt-pt\/wp-json\/wp\/v2\/pages\/25548444\/revisions"}],"predecessor-version":[{"id":25548452,"href":"https:\/\/dari-system.com\/pt-pt\/wp-json\/wp\/v2\/pages\/25548444\/revisions\/25548452"}],"wp:attachment":[{"href":"https:\/\/dari-system.com\/pt-pt\/wp-json\/wp\/v2\/media?parent=25548444"}],"wp:term":[{"taxonomy":"dipi_cpt_category","embeddable":true,"href":"https:\/\/dari-system.com\/pt-pt\/wp-json\/wp\/v2\/dipi_cpt_category?post=25548444"}],"curies":[{"name":"wp","href":"https:\/\/api.w.org\/{rel}","templated":true}]}}