{"id":25548416,"date":"2024-06-19T09:58:35","date_gmt":"2024-06-19T09:58:35","guid":{"rendered":"https:\/\/dari-system.com\/tampa-da-caleira\/"},"modified":"2024-08-20T10:34:17","modified_gmt":"2024-08-20T10:34:17","slug":"tampa-da-caleira","status":"publish","type":"page","link":"https:\/\/dari-system.com\/pt-pt\/tampa-da-caleira\/","title":{"rendered":"Tampa da caleira"},"content":{"rendered":"<p>[et_pb_section fb_built=&#8221;1&#8243; fullwidth=&#8221;on&#8221; _builder_version=&#8221;4.25.0&#8243; _module_preset=&#8221;default&#8221; bottom_divider_color=&#8221;#FFFFFF&#8221; bottom_divider_height=&#8221;82px&#8221; bottom_divider_flip=&#8221;horizontal&#8221; locked=&#8221;off&#8221; global_colors_info=&#8221;{}&#8221;][et_pb_fullwidth_header title=&#8221;Tampa da caleira  &#8221; subhead=&#8221;A melhor prote\u00e7\u00e3o para o teu telhado&#8221; _builder_version=&#8221;4.25.0&#8243; _module_preset=&#8221;default&#8221; title_font=&#8221;|800|||||||&#8221; title_font_size=&#8221;45px&#8221; background_image=&#8221;https:\/\/dari-system.com\/wp-content\/uploads\/2024\/05\/header_background.webp&#8221; background_position=&#8221;bottom_center&#8221; custom_padding=&#8221;8vh||8vh||true|false&#8221; title_font_size_tablet=&#8221;45px&#8221; title_font_size_phone=&#8221;29px&#8221; title_font_size_last_edited=&#8221;on|phone&#8221; content_font_size_tablet=&#8221;&#8221; content_font_size_phone=&#8221;17px&#8221; content_font_size_last_edited=&#8221;on|phone&#8221; global_colors_info=&#8221;{}&#8221;][\/et_pb_fullwidth_header][\/et_pb_section][et_pb_section fb_built=&#8221;1&#8243; _builder_version=&#8221;4.25.0&#8243; _module_preset=&#8221;default&#8221; custom_margin=&#8221;||0px||false|false&#8221; custom_padding=&#8221;||0px||false|false&#8221; global_colors_info=&#8221;{}&#8221;][et_pb_row column_structure=&#8221;1_2,1_2&#8243; _builder_version=&#8221;4.25.0&#8243; _module_preset=&#8221;default&#8221; global_colors_info=&#8221;{}&#8221;][et_pb_column type=&#8221;1_2&#8243; _builder_version=&#8221;4.25.0&#8243; _module_preset=&#8221;default&#8221; global_colors_info=&#8221;{}&#8221;][et_pb_text _builder_version=&#8221;4.25.0&#8243; _module_preset=&#8221;default&#8221; header_2_font=&#8221;|700|||||||&#8221; global_colors_info=&#8221;{}&#8221;]<\/p>\n<h2>A cobertura segura para o teu telhado<\/h2>\n<p>Uma cobertura de caleira protege eficazmente a caleira dos bloqueios causados por folhas, agulhas, pequenos ramos e musgo.<br \/>\nSem uma <strong>cobertura de<\/strong> caleiras, mesmo as caleiras de caixa podem ficar rapidamente bloqueadas.<br \/>\nTodos os propriet\u00e1rios de casas est\u00e3o familiarizados com o problema de ter de limpar repetidamente as caleiras de meia-volta e as caleiras de caixa.<br \/>\nEspecialmente no outono, as caleiras e as caleiras de caixa ficam rapidamente entupidas com folhas.<br \/>\nPor isso, uma cobertura de caleira eficaz n\u00e3o s\u00f3 protege a caleira contra o entupimento, como tamb\u00e9m facilita a prote\u00e7\u00e3o da casa do propriet\u00e1rio, uma vez que a \u00e1gua da chuva n\u00e3o escorre sobre a caleira entupida e encharca a parede da casa.    <\/p>\n<p>[\/et_pb_text][\/et_pb_column][et_pb_column type=&#8221;1_2&#8243; _builder_version=&#8221;4.25.0&#8243; _module_preset=&#8221;default&#8221; global_colors_info=&#8221;{}&#8221;][et_pb_image src=&#8221;https:\/\/dari-system.com\/wp-content\/uploads\/2024\/06\/dachrinnenabdeckung.webp&#8221; alt=&#8221;Cobertura da caleira do telhado&#8221; title_text=&#8221;Tampa da caleira&#8221; _builder_version=&#8221;4.25.0&#8243; _module_preset=&#8221;default&#8221; custom_margin=&#8221;||5px||false|false&#8221; global_colors_info=&#8221;{}&#8221;][\/et_pb_image][et_pb_text _builder_version=&#8221;4.25.0&#8243; _module_preset=&#8221;default&#8221; custom_margin=&#8221;0px||||false|false&#8221; global_colors_info=&#8221;{}&#8221;]<\/p>\n<p style=\"text-align: center;\"><em>Cobertura de calhas de telhado DaRi<\/em><\/p>\n<p>[\/et_pb_text][\/et_pb_column][\/et_pb_row][\/et_pb_section][et_pb_section fb_built=&#8221;1&#8243; _builder_version=&#8221;4.25.0&#8243; _module_preset=&#8221;default&#8221; custom_margin=&#8221;0px||||false|false&#8221; custom_padding=&#8221;0px||||false|false&#8221; global_colors_info=&#8221;{}&#8221;][et_pb_row _builder_version=&#8221;4.25.0&#8243; _module_preset=&#8221;default&#8221; global_colors_info=&#8221;{}&#8221;][et_pb_column type=&#8221;4_4&#8243; _builder_version=&#8221;4.25.0&#8243; _module_preset=&#8221;default&#8221; global_colors_info=&#8221;{}&#8221;][et_pb_text _builder_version=&#8221;4.25.0&#8243; _module_preset=&#8221;default&#8221; header_2_font=&#8221;|700|||||||&#8221; hover_enabled=&#8221;0&#8243; global_colors_info=&#8221;{}&#8221; sticky_enabled=&#8221;0&#8243;]<\/p>\n<h2>Poupa custos com a compra de uma cobertura de caleiras<\/h2>\n<p>Com uma cobertura para a sua caleira ou caleiras, pode poupar efetivamente nos custos.<br \/>\nIsto porque uma caleira entupida pode ser muito cara se transbordar e encharcar a parede da casa.<br \/>\nA \u00e1gua tamb\u00e9m pode entrar na cave atrav\u00e9s do po\u00e7o de luz se a caleira transbordar.<br \/>\nEvita este risco e protege a tua caleira com uma cobertura de caleira.   <\/p>\n<h2>Melhora a qualidade de vida com uma boa cobertura de caleiras<\/h2>\n<p>Com uma boa cobertura de caleiras, ganha tamb\u00e9m uma melhor qualidade de vida.<br \/>\nPorque se j\u00e1 n\u00e3o tiveres de te preocupar com o entupimento do teu algeroz ou da tua caleira, podes ir de f\u00e9rias no outono com toda a tranquilidade. <\/p>\n<h2>Presta aten\u00e7\u00e3o \u00e0 qualidade da cobertura da caleira<\/h2>\n<p>Se est\u00e1s \u00e0 procura de uma cobertura de caleira de alta qualidade, tens de verificar cuidadosamente se a cobertura de caleira cumpre o seu objetivo.<br \/>\nPor isso, presta aten\u00e7\u00e3o \u00e0 qualidade da cobertura da caleira.<br \/>\nOferecemos coberturas de caleira de alta qualidade para calhas de meia-volta e de caixa.<br \/>\nAs nossas coberturas de caleiras adaptam-se a quase todas as caleiras.   <\/p>\n<h2>Um bom servi\u00e7o \u00e9 muito importante quando compras uma cobertura para caleiras<\/h2>\n<p>Recebe o melhor servi\u00e7o da nossa parte.<br \/>\nPodes enviar-nos fotografias da tua caleira ou caleiras e aconselhar-te-emos gratuitamente sobre a cobertura mais adequada para a tua caleira ou caleiras.<br \/>\nMesmo que surja algum problema durante a instala\u00e7\u00e3o, estaremos l\u00e1 para o ajudar e aconselhar.  <\/p>\n<h2>Para que possas usufruir do teu telhado durante muito tempo, protege a tua caleira com uma cobertura de caleira<\/h2>\n<p>Uma cobertura de caleiras poupa-te muito trabalho.<br \/>\nTer de subir a escada alta v\u00e1rias vezes por ano n\u00e3o s\u00f3 \u00e9 aborrecido, como tamb\u00e9m perigoso.<br \/>\nQuanto mais velho fores, mais queres evitar este risco de acidente.  <\/p>\n<h2>Garante que a caleira n\u00e3o ficar\u00e1 entupida<\/h2>\n<p>Com uma cobertura de caleiras da nossa loja, tens a garantia de que a tua caleira n\u00e3o ser\u00e1 mais obstru\u00edda por folhas.<br \/>\nOnde mais podes obter uma tal garantia numa cobertura de caleiras? <\/p>\n<p>Isto tamb\u00e9m pode ser do teu interesse:<\/p>\n<ul>\n<li><a href=\"https:\/\/dari-system.com\/pt-pt\/caleira-de-protecao-contra-folhas\/\" title=\"Caleira de prote\u00e7\u00e3o contra folhas\">Prote\u00e7\u00e3o contra as folhas para a caleira<\/a><\/li>\n<li><a href=\"https:\/\/dari-system.com\/regenrinnen-laubschutz\/\" title=\"Calhas de chuva Guarda-folhas\">Calhas de chuva Guarda-folhas<\/a><\/li>\n<li><a href=\"https:\/\/dari-system.com\/laubschutz-dachrinne\/\" title=\"Caleira de prote\u00e7\u00e3o contra folhas\">Prote\u00e7\u00e3o contra as folhas para a caleira<\/a><\/li>\n<li><a href=\"https:\/\/dari-system.com\/pt-pt\/tampa-da-caleira\/\" title=\"Tampa da caleira\">  Tampa da caleira<\/a><\/li>\n<\/ul>\n<p>[\/et_pb_text][\/et_pb_column][\/et_pb_row][\/et_pb_section]<\/p>\n","protected":false},"excerpt":{"rendered":"<p>A cobertura segura para o teu telhado Uma cobertura de caleira protege eficazmente a caleira dos bloqueios causados por folhas, agulhas, pequenos ramos e musgo. Sem uma cobertura de caleiras, mesmo as caleiras de caixa podem ficar rapidamente bloqueadas. Todos os propriet\u00e1rios de casas est\u00e3o familiarizados com o problema de ter de limpar repetidamente as [&hellip;]<\/p>\n","protected":false},"author":1,"featured_media":0,"parent":0,"menu_order":0,"comment_status":"closed","ping_status":"closed","template":"","meta":{"_et_pb_use_builder":"on","_et_pb_old_content":"","_et_gb_content_width":"","iawp_total_views":31,"footnotes":""},"dipi_cpt_category":[],"class_list":["post-25548416","page","type-page","status-publish","hentry"],"yoast_head":"<!-- This site is optimized with the Yoast SEO plugin v27.4 - https:\/\/yoast.com\/product\/yoast-seo-wordpress\/ -->\n<title>Cobertura de caleiras DaRi - Prote\u00e7\u00e3o perfeita contra as folhas<\/title>\n<meta name=\"description\" content=\"Descobre mais sobre a cobertura de caleira DaRi e protege a tua caleira de folhas e bloqueios. Aconselhamos-te sobre\" \/>\n<meta name=\"robots\" content=\"index, follow, max-snippet:-1, max-image-preview:large, max-video-preview:-1\" \/>\n<link rel=\"canonical\" href=\"https:\/\/dari-system.com\/pt-pt\/tampa-da-caleira\/\" \/>\n<meta property=\"og:locale\" content=\"pt_PT\" \/>\n<meta property=\"og:type\" content=\"article\" \/>\n<meta property=\"og:title\" content=\"Cobertura de caleiras DaRi - Prote\u00e7\u00e3o perfeita contra as folhas\" \/>\n<meta property=\"og:description\" content=\"Descobre mais sobre a cobertura de caleira DaRi e protege a tua caleira de folhas e bloqueios. Aconselhamos-te sobre\" \/>\n<meta property=\"og:url\" content=\"https:\/\/dari-system.com\/pt-pt\/tampa-da-caleira\/\" \/>\n<meta property=\"og:site_name\" content=\"DaRi System\" \/>\n<meta property=\"article:modified_time\" content=\"2024-08-20T10:34:17+00:00\" \/>\n<meta name=\"twitter:card\" content=\"summary_large_image\" \/>\n<meta name=\"twitter:label1\" content=\"Tempo estimado de leitura\" \/>\n\t<meta name=\"twitter:data1\" content=\"4 minutos\" \/>\n<script type=\"application\/ld+json\" class=\"yoast-schema-graph\">{\"@context\":\"https:\\\/\\\/schema.org\",\"@graph\":[{\"@type\":\"WebPage\",\"@id\":\"https:\\\/\\\/dari-system.com\\\/pt-pt\\\/tampa-da-caleira\\\/\",\"url\":\"https:\\\/\\\/dari-system.com\\\/pt-pt\\\/tampa-da-caleira\\\/\",\"name\":\"Cobertura de caleiras DaRi - Prote\u00e7\u00e3o perfeita contra as folhas\",\"isPartOf\":{\"@id\":\"https:\\\/\\\/dari-system.com\\\/pt-pt\\\/#website\"},\"datePublished\":\"2024-06-19T09:58:35+00:00\",\"dateModified\":\"2024-08-20T10:34:17+00:00\",\"description\":\"Descobre mais sobre a cobertura de caleira DaRi e protege a tua caleira de folhas e bloqueios. Aconselhamos-te sobre\",\"breadcrumb\":{\"@id\":\"https:\\\/\\\/dari-system.com\\\/pt-pt\\\/tampa-da-caleira\\\/#breadcrumb\"},\"inLanguage\":\"pt-PT\",\"potentialAction\":[{\"@type\":\"ReadAction\",\"target\":[\"https:\\\/\\\/dari-system.com\\\/pt-pt\\\/tampa-da-caleira\\\/\"]}]},{\"@type\":\"BreadcrumbList\",\"@id\":\"https:\\\/\\\/dari-system.com\\\/pt-pt\\\/tampa-da-caleira\\\/#breadcrumb\",\"itemListElement\":[{\"@type\":\"ListItem\",\"position\":1,\"name\":\"Startseite\",\"item\":\"https:\\\/\\\/dari-system.com\\\/pt-pt\\\/\"},{\"@type\":\"ListItem\",\"position\":2,\"name\":\"Tampa da caleira\"}]},{\"@type\":\"WebSite\",\"@id\":\"https:\\\/\\\/dari-system.com\\\/pt-pt\\\/#website\",\"url\":\"https:\\\/\\\/dari-system.com\\\/pt-pt\\\/\",\"name\":\"DaRi System\",\"description\":\"\",\"potentialAction\":[{\"@type\":\"SearchAction\",\"target\":{\"@type\":\"EntryPoint\",\"urlTemplate\":\"https:\\\/\\\/dari-system.com\\\/pt-pt\\\/?s={search_term_string}\"},\"query-input\":{\"@type\":\"PropertyValueSpecification\",\"valueRequired\":true,\"valueName\":\"search_term_string\"}}],\"inLanguage\":\"pt-PT\"}]}<\/script>\n<!-- \/ Yoast SEO plugin. -->","yoast_head_json":{"title":"Cobertura de caleiras DaRi - Prote\u00e7\u00e3o perfeita contra as folhas","description":"Descobre mais sobre a cobertura de caleira DaRi e protege a tua caleira de folhas e bloqueios. Aconselhamos-te sobre","robots":{"index":"index","follow":"follow","max-snippet":"max-snippet:-1","max-image-preview":"max-image-preview:large","max-video-preview":"max-video-preview:-1"},"canonical":"https:\/\/dari-system.com\/pt-pt\/tampa-da-caleira\/","og_locale":"pt_PT","og_type":"article","og_title":"Cobertura de caleiras DaRi - Prote\u00e7\u00e3o perfeita contra as folhas","og_description":"Descobre mais sobre a cobertura de caleira DaRi e protege a tua caleira de folhas e bloqueios. Aconselhamos-te sobre","og_url":"https:\/\/dari-system.com\/pt-pt\/tampa-da-caleira\/","og_site_name":"DaRi System","article_modified_time":"2024-08-20T10:34:17+00:00","twitter_card":"summary_large_image","twitter_misc":{"Tempo estimado de leitura":"4 minutos"},"schema":{"@context":"https:\/\/schema.org","@graph":[{"@type":"WebPage","@id":"https:\/\/dari-system.com\/pt-pt\/tampa-da-caleira\/","url":"https:\/\/dari-system.com\/pt-pt\/tampa-da-caleira\/","name":"Cobertura de caleiras DaRi - Prote\u00e7\u00e3o perfeita contra as folhas","isPartOf":{"@id":"https:\/\/dari-system.com\/pt-pt\/#website"},"datePublished":"2024-06-19T09:58:35+00:00","dateModified":"2024-08-20T10:34:17+00:00","description":"Descobre mais sobre a cobertura de caleira DaRi e protege a tua caleira de folhas e bloqueios. Aconselhamos-te sobre","breadcrumb":{"@id":"https:\/\/dari-system.com\/pt-pt\/tampa-da-caleira\/#breadcrumb"},"inLanguage":"pt-PT","potentialAction":[{"@type":"ReadAction","target":["https:\/\/dari-system.com\/pt-pt\/tampa-da-caleira\/"]}]},{"@type":"BreadcrumbList","@id":"https:\/\/dari-system.com\/pt-pt\/tampa-da-caleira\/#breadcrumb","itemListElement":[{"@type":"ListItem","position":1,"name":"Startseite","item":"https:\/\/dari-system.com\/pt-pt\/"},{"@type":"ListItem","position":2,"name":"Tampa da caleira"}]},{"@type":"WebSite","@id":"https:\/\/dari-system.com\/pt-pt\/#website","url":"https:\/\/dari-system.com\/pt-pt\/","name":"DaRi System","description":"","potentialAction":[{"@type":"SearchAction","target":{"@type":"EntryPoint","urlTemplate":"https:\/\/dari-system.com\/pt-pt\/?s={search_term_string}"},"query-input":{"@type":"PropertyValueSpecification","valueRequired":true,"valueName":"search_term_string"}}],"inLanguage":"pt-PT"}]}},"_links":{"self":[{"href":"https:\/\/dari-system.com\/pt-pt\/wp-json\/wp\/v2\/pages\/25548416","targetHints":{"allow":["GET"]}}],"collection":[{"href":"https:\/\/dari-system.com\/pt-pt\/wp-json\/wp\/v2\/pages"}],"about":[{"href":"https:\/\/dari-system.com\/pt-pt\/wp-json\/wp\/v2\/types\/page"}],"author":[{"embeddable":true,"href":"https:\/\/dari-system.com\/pt-pt\/wp-json\/wp\/v2\/users\/1"}],"replies":[{"embeddable":true,"href":"https:\/\/dari-system.com\/pt-pt\/wp-json\/wp\/v2\/comments?post=25548416"}],"version-history":[{"count":1,"href":"https:\/\/dari-system.com\/pt-pt\/wp-json\/wp\/v2\/pages\/25548416\/revisions"}],"predecessor-version":[{"id":25548425,"href":"https:\/\/dari-system.com\/pt-pt\/wp-json\/wp\/v2\/pages\/25548416\/revisions\/25548425"}],"wp:attachment":[{"href":"https:\/\/dari-system.com\/pt-pt\/wp-json\/wp\/v2\/media?parent=25548416"}],"wp:term":[{"taxonomy":"dipi_cpt_category","embeddable":true,"href":"https:\/\/dari-system.com\/pt-pt\/wp-json\/wp\/v2\/dipi_cpt_category?post=25548416"}],"curies":[{"name":"wp","href":"https:\/\/api.w.org\/{rel}","templated":true}]}}