{"id":25546984,"date":"2024-05-23T13:32:49","date_gmt":"2024-05-23T13:32:49","guid":{"rendered":"https:\/\/dari-system.com\/otisk\/"},"modified":"2024-08-16T17:28:36","modified_gmt":"2024-08-16T17:28:36","slug":"otisk","status":"publish","type":"page","link":"https:\/\/dari-system.com\/cs\/otisk\/","title":{"rendered":"Otisk"},"content":{"rendered":"<p>[et_pb_section fb_built=&#8220;1&#8243; fullwidth=&#8220;on&#8220; _builder_version=&#8220;4.25.0&#8243; _module_preset=&#8220;default&#8220; bottom_divider_color=&#8220;#FFFFFF&#8220; bottom_divider_height=&#8220;82px&#8220; bottom_divider_flip=&#8220;horizontal&#8220; locked=&#8220;off&#8220; global_colors_info=&#8220;{}&#8220;][et_pb_fullwidth_header title=&#8220;Otisk&#8220; _builder_version=&#8220;4.25.0&#8243; _module_preset=&#8220;default&#8220; title_font=&#8220;|800|||||||&#8220; title_font_size=&#8220;45px&#8220; background_image=&#8220;https:\/\/dari-system.com\/wp-content\/uploads\/2024\/05\/header_background.webp&#8220; background_position=&#8220;bottom_center&#8220; custom_padding=&#8220;8vh||8vh||true|false&#8220; title_font_size_tablet=&#8220;45px&#8220; title_font_size_phone=&#8220;29px&#8220; title_font_size_last_edited=&#8220;on|phone&#8220; content_font_size_tablet=&#8220;&#8220; content_font_size_phone=&#8220;17px&#8220; content_font_size_last_edited=&#8220;on|phone&#8220; global_colors_info=&#8220;{}&#8220;][\/et_pb_fullwidth_header][\/et_pb_section][et_pb_section fb_built=&#8220;1&#8243; _builder_version=&#8220;4.25.0&#8243; _module_preset=&#8220;default&#8220; global_colors_info=&#8220;{}&#8220;][et_pb_row _builder_version=&#8220;4.25.0&#8243; _module_preset=&#8220;default&#8220; global_colors_info=&#8220;{}&#8220;][et_pb_column type=&#8220;4_4&#8243; _builder_version=&#8220;4.25.0&#8243; _module_preset=&#8220;default&#8220; global_colors_info=&#8220;{}&#8220;][et_pb_text _builder_version=&#8220;4.25.0&#8243; _module_preset=&#8220;default&#8220; global_colors_info=&#8220;{}&#8220;]<\/p>\n<h2>Informace podle \u00a7 5 TMG:<\/h2>\n<p>D<strong>aRi-Systemteile GmbH<\/strong> Rudolf-Nebel-Str.<\/p>\n<p>12 91781 Wei\u00dfenburg Zastoupen\u00e1: jednatelem Dr. Eckhardem Jentschem Obchodn\u00ed rejst\u0159\u00edk: M\u00edstn\u00ed soud Ansbach, HRB 4930 DI\u010c: DE272707154 <\/p>\n<p>K<strong>ontaktn\u00ed<\/strong> telefon: 09141 &#8211; 845 937 0 Fax: 09141 &#8211; 845 937 1 E-mail:<a href=\"mailto:info@dari-system.com\">&#8222;info@dari-system.com<\/a><\/p>\n<p><strong>Odpov\u011bdnost za obsah podle \u00a7 55 Abs.<br \/>\n2 RStV: <\/strong><\/p>\n<p>Dr. Eckhard Jentsch V\u00fd\u0161e uveden\u00e1 adresa<\/p>\n<p>Odkaz na \u0159e\u0161en\u00ed spor\u016f v EU: Evropsk\u00e1 komise poskytuje platformu pro online \u0159e\u0161en\u00ed spor\u016f (OS):<\/p>\n<p><a href=\"http:\/\/ec.europa.eu\/consumer\/odr\">http:\/\/ec.europa.eu\/consumer\/odr<\/a><\/p>\n<p>Na\u0161e spole\u010dnost se \u00fa\u010dastn\u00ed programu EU pro \u0159e\u0161en\u00ed spor\u016f.<br \/>\nNa\u0161e e-mailov\u00e1 adresa pro platformu pro \u0159e\u0161en\u00ed spor\u016f online je:<a href=\"mailto:info@dari-system.com\">&#8222;info@dari-system.com&#8220;.<\/a> <\/p>\n<p><em>Zdroj: vytvo\u0159eno s vyu\u017eit\u00edm <a href=\"http:\/\/www.e-recht24.de\/news\/ecommerce\/6048-impressum-gmbh.html\">gener\u00e1toru otisk\u016f Gesellschaft mit beschr\u00e4nkter Haftung (GmbH)<\/a> z eRecht24.<\/em><\/p>\n<p><strong>Odm\u00edtnut\u00ed odpov\u011bdnosti:<\/strong><\/p>\n<p>O<strong>dpov\u011bdnost za obsah<\/strong> Obsah na\u0161ich webov\u00fdch str\u00e1nek byl vytvo\u0159en s maxim\u00e1ln\u00ed p\u00e9\u010d\u00ed.<br \/>\nNem\u016f\u017eeme v\u0161ak p\u0159evz\u00edt \u017e\u00e1dnou odpov\u011bdnost za spr\u00e1vnost, \u00faplnost a aktu\u00e1lnost obsahu.<br \/>\nJako poskytovatel slu\u017eeb neseme odpov\u011bdnost podle \u00a7 7 odst. 1.<br \/>\nTMG odpov\u00edd\u00e1me za vlastn\u00ed obsah t\u011bchto str\u00e1nek v souladu s obecn\u00fdmi pr\u00e1vn\u00edmi p\u0159edpisy.<br \/>\nPodle \u00a7\u00a7 8 a\u017e 10 TMG v\u0161ak jako poskytovatel slu\u017eeb nejsme povinni sledovat p\u0159en\u00e1\u0161en\u00e9 nebo ukl\u00e1dan\u00e9 informace t\u0159et\u00edch stran ani vy\u0161et\u0159ovat okolnosti, kter\u00e9 nasv\u011bd\u010duj\u00ed nez\u00e1konn\u00e9 \u010dinnosti.<br \/>\nPovinnosti odstranit nebo zablokovat pou\u017e\u00edv\u00e1n\u00ed informac\u00ed v souladu s obecn\u00fdmi pr\u00e1vn\u00edmi p\u0159edpisy t\u00edm nejsou dot\u010deny.<br \/>\nOdpov\u011bdnost v tomto ohledu je v\u0161ak mo\u017en\u00e1 a\u017e od okam\u017eiku, kdy se o konkr\u00e9tn\u00edm poru\u0161en\u00ed dozv\u00edte.<br \/>\nJakmile se o takov\u00e9m poru\u0161en\u00ed dozv\u00edme, okam\u017eit\u011b tento obsah odstran\u00edme.       <\/p>\n<p>O<strong>dpov\u011bdnost za odkazy<\/strong> Na\u0161e webov\u00e9 str\u00e1nky obsahuj\u00ed odkazy na extern\u00ed webov\u00e9 str\u00e1nky t\u0159et\u00edch stran, na jejich\u017e obsah nem\u00e1me \u017e\u00e1dn\u00fd vliv.<br \/>\nProto nem\u016f\u017eeme p\u0159evz\u00edt \u017e\u00e1dnou odpov\u011bdnost za tento obsah t\u0159et\u00edch stran.<br \/>\nZa obsah odkazovan\u00fdch str\u00e1nek je v\u017edy odpov\u011bdn\u00fd p\u0159\u00edslu\u0161n\u00fd poskytovatel nebo provozovatel str\u00e1nek.<br \/>\nOdkazovan\u00e9 str\u00e1nky byly v dob\u011b odkazov\u00e1n\u00ed zkontrolov\u00e1ny z hlediska mo\u017en\u00e9ho poru\u0161en\u00ed pr\u00e1vn\u00edch p\u0159edpis\u016f.<br \/>\nNez\u00e1konn\u00fd obsah nebyl v dob\u011b odkazov\u00e1n\u00ed rozpozn\u00e1n.<br \/>\nTrval\u00e1 kontrola obsahu odkazovan\u00fdch str\u00e1nek v\u0161ak nen\u00ed bez konkr\u00e9tn\u00edch d\u016fkaz\u016f o protipr\u00e1vn\u00edm jedn\u00e1n\u00ed \u00fa\u010deln\u00e1.<br \/>\nPokud se dozv\u00edme o jak\u00e9mkoli poru\u0161en\u00ed pr\u00e1vn\u00edch p\u0159edpis\u016f, okam\u017eit\u011b takov\u00e9 odkazy odstran\u00edme.      <\/p>\n<p>A<strong>utorsk\u00e1 pr\u00e1va<\/strong> Obsah a d\u00edla vytvo\u0159en\u00e1 provozovateli str\u00e1nek na t\u011bchto str\u00e1nk\u00e1ch podl\u00e9haj\u00ed n\u011bmeck\u00e9mu autorsk\u00e9mu pr\u00e1vu.<br \/>\nKop\u00edrov\u00e1n\u00ed, zpracov\u00e1n\u00ed, \u0161\u00ed\u0159en\u00ed a jak\u00fdkoli zp\u016fsob vyu\u017eit\u00ed nad r\u00e1mec autorsk\u00e9ho pr\u00e1va vy\u017eaduje p\u00edsemn\u00fd souhlas p\u0159\u00edslu\u0161n\u00e9ho autora nebo tv\u016frce.<br \/>\nStahov\u00e1n\u00ed a kop\u00edrov\u00e1n\u00ed t\u011bchto str\u00e1nek je povoleno pouze pro soukrom\u00e9, nekomer\u010dn\u00ed pou\u017eit\u00ed.<br \/>\nPokud obsah t\u011bchto str\u00e1nek nebyl vytvo\u0159en provozovatelem, jsou autorsk\u00e1 pr\u00e1va t\u0159et\u00edch stran respektov\u00e1na.<br \/>\nZejm\u00e9na obsah t\u0159et\u00edch stran je takto ozna\u010den.<br \/>\nPokud se p\u0159esto dozv\u00edte o poru\u0161en\u00ed autorsk\u00fdch pr\u00e1v, informujte n\u00e1s o tom.<br \/>\nPokud se o poru\u0161en\u00ed dozv\u00edme, takov\u00fd obsah neprodlen\u011b odstran\u00edme.      <\/p>\n<p>O<strong>chrana \u00fadaj\u016f<\/strong> Pou\u017e\u00edv\u00e1n\u00ed na\u0161ich webov\u00fdch str\u00e1nek je obecn\u011b mo\u017en\u00e9 bez poskytnut\u00ed osobn\u00edch \u00fadaj\u016f.<br \/>\nPokud jsou na na\u0161ich webov\u00fdch str\u00e1nk\u00e1ch shroma\u017e\u010fov\u00e1ny osobn\u00ed \u00fadaje (nap\u0159. jm\u00e9no, adresa nebo e-mailov\u00e1 adresa), d\u011bje se tak v\u017edy pokud mo\u017eno dobrovoln\u011b.<br \/>\n<br \/>Tyto \u00fadaje nebudou bez va\u0161eho v\u00fdslovn\u00e9ho souhlasu p\u0159ed\u00e1v\u00e1ny t\u0159et\u00edm stran\u00e1m. R\u00e1di bychom upozornili, \u017ee p\u0159enos dat p\u0159es internet (nap\u0159. p\u0159i komunikaci e-mailem) m\u016f\u017ee m\u00edt bezpe\u010dnostn\u00ed mezery.<br \/>\n<br \/>\u00dapln\u00e1 ochrana \u00fadaj\u016f p\u0159ed p\u0159\u00edstupem t\u0159et\u00edch osob nen\u00ed mo\u017en\u00e1. T\u00edmto v\u00fdslovn\u011b zakazujeme pou\u017e\u00edv\u00e1n\u00ed kontaktn\u00edch \u00fadaj\u016f zve\u0159ejn\u011bn\u00fdch v r\u00e1mci na\u0161\u00ed povinnosti poskytovat z\u00e1konn\u00e9 ozn\u00e1men\u00ed za \u00fa\u010delem zas\u00edl\u00e1n\u00ed nevy\u017e\u00e1dan\u00fdch reklamn\u00edch a informa\u010dn\u00edch materi\u00e1l\u016f.<br \/>\nProvozovatel\u00e9 t\u011bchto webov\u00fdch str\u00e1nek si v\u00fdslovn\u011b vyhrazuj\u00ed pr\u00e1vo podniknout pr\u00e1vn\u00ed kroky v p\u0159\u00edpad\u011b nevy\u017e\u00e1dan\u00e9ho zas\u00edl\u00e1n\u00ed reklamn\u00edch informac\u00ed, nap\u0159. nevy\u017e\u00e1dan\u00fdch e-mail\u016f.    <br \/><em>Zdroj: <a href=\"http:\/\/www.e-recht24.de\/muster-disclaimer.htm\">Disclaimer<\/a> z eRecht24, port\u00e1lu pro internetov\u00e9 pr\u00e1vo <a href=\"http:\/\/www.e-recht24.de\/\">pr\u00e1vn\u00edka<\/a> S\u00f6rena Sieberta.<\/em><\/p>\n<p>[\/et_pb_text][\/et_pb_column][\/et_pb_row][\/et_pb_section]<\/p>\n","protected":false},"excerpt":{"rendered":"<p>Informace podle \u00a7 5 TMG: DaRi-Systemteile GmbH Rudolf-Nebel-Str. 12 91781 Wei\u00dfenburg Zastoupen\u00e1: jednatelem Dr. Eckhardem Jentschem Obchodn\u00ed rejst\u0159\u00edk: M\u00edstn\u00ed soud Ansbach, HRB 4930 DI\u010c: DE272707154 Kontaktn\u00ed telefon: 09141 &#8211; 845 937 0 Fax: 09141 &#8211; 845 937 1 E-mail:&#8220;info@dari-system.com Odpov\u011bdnost za obsah podle \u00a7 55 Abs. 2 RStV: Dr. Eckhard Jentsch V\u00fd\u0161e uveden\u00e1 adresa Odkaz [&hellip;]<\/p>\n","protected":false},"author":1,"featured_media":0,"parent":0,"menu_order":0,"comment_status":"closed","ping_status":"closed","template":"","meta":{"_et_pb_use_builder":"on","_et_pb_old_content":"","_et_gb_content_width":"","iawp_total_views":2,"footnotes":""},"dipi_cpt_category":[],"class_list":["post-25546984","page","type-page","status-publish","hentry"],"yoast_head":"<!-- This site is optimized with the Yoast SEO plugin v27.4 - https:\/\/yoast.com\/product\/yoast-seo-wordpress\/ -->\n<title>Otisk - DaRi System<\/title>\n<meta name=\"robots\" content=\"index, follow, max-snippet:-1, max-image-preview:large, max-video-preview:-1\" \/>\n<link rel=\"canonical\" href=\"https:\/\/dari-system.com\/cs\/otisk\/\" \/>\n<meta property=\"og:locale\" content=\"cs_CZ\" \/>\n<meta property=\"og:type\" content=\"article\" \/>\n<meta property=\"og:title\" content=\"Otisk - DaRi System\" \/>\n<meta property=\"og:description\" content=\"Informace podle \u00a7 5 TMG: DaRi-Systemteile GmbH Rudolf-Nebel-Str. 12 91781 Wei\u00dfenburg Zastoupen\u00e1: jednatelem Dr. Eckhardem Jentschem Obchodn\u00ed rejst\u0159\u00edk: M\u00edstn\u00ed soud Ansbach, HRB 4930 DI\u010c: DE272707154 Kontaktn\u00ed telefon: 09141 - 845 937 0 Fax: 09141 - 845 937 1 E-mail:&quot;info@dari-system.com Odpov\u011bdnost za obsah podle \u00a7 55 Abs. 2 RStV: Dr. Eckhard Jentsch V\u00fd\u0161e uveden\u00e1 adresa Odkaz [&hellip;]\" \/>\n<meta property=\"og:url\" content=\"https:\/\/dari-system.com\/cs\/otisk\/\" \/>\n<meta property=\"og:site_name\" content=\"DaRi System\" \/>\n<meta property=\"article:modified_time\" content=\"2024-08-16T17:28:36+00:00\" \/>\n<meta name=\"twitter:card\" content=\"summary_large_image\" \/>\n<meta name=\"twitter:label1\" content=\"Odhadovan\u00e1 doba \u010dten\u00ed\" \/>\n\t<meta name=\"twitter:data1\" content=\"5 minut\" \/>\n<script type=\"application\/ld+json\" class=\"yoast-schema-graph\">{\"@context\":\"https:\\\/\\\/schema.org\",\"@graph\":[{\"@type\":\"WebPage\",\"@id\":\"https:\\\/\\\/dari-system.com\\\/cs\\\/otisk\\\/\",\"url\":\"https:\\\/\\\/dari-system.com\\\/cs\\\/otisk\\\/\",\"name\":\"Otisk - DaRi System\",\"isPartOf\":{\"@id\":\"https:\\\/\\\/dari-system.com\\\/cs\\\/#website\"},\"datePublished\":\"2024-05-23T13:32:49+00:00\",\"dateModified\":\"2024-08-16T17:28:36+00:00\",\"breadcrumb\":{\"@id\":\"https:\\\/\\\/dari-system.com\\\/cs\\\/otisk\\\/#breadcrumb\"},\"inLanguage\":\"cs\",\"potentialAction\":[{\"@type\":\"ReadAction\",\"target\":[\"https:\\\/\\\/dari-system.com\\\/cs\\\/otisk\\\/\"]}]},{\"@type\":\"BreadcrumbList\",\"@id\":\"https:\\\/\\\/dari-system.com\\\/cs\\\/otisk\\\/#breadcrumb\",\"itemListElement\":[{\"@type\":\"ListItem\",\"position\":1,\"name\":\"Startseite\",\"item\":\"https:\\\/\\\/dari-system.com\\\/cs\\\/\"},{\"@type\":\"ListItem\",\"position\":2,\"name\":\"Otisk\"}]},{\"@type\":\"WebSite\",\"@id\":\"https:\\\/\\\/dari-system.com\\\/cs\\\/#website\",\"url\":\"https:\\\/\\\/dari-system.com\\\/cs\\\/\",\"name\":\"DaRi System\",\"description\":\"\",\"potentialAction\":[{\"@type\":\"SearchAction\",\"target\":{\"@type\":\"EntryPoint\",\"urlTemplate\":\"https:\\\/\\\/dari-system.com\\\/cs\\\/?s={search_term_string}\"},\"query-input\":{\"@type\":\"PropertyValueSpecification\",\"valueRequired\":true,\"valueName\":\"search_term_string\"}}],\"inLanguage\":\"cs\"}]}<\/script>\n<!-- \/ Yoast SEO plugin. -->","yoast_head_json":{"title":"Otisk - DaRi System","robots":{"index":"index","follow":"follow","max-snippet":"max-snippet:-1","max-image-preview":"max-image-preview:large","max-video-preview":"max-video-preview:-1"},"canonical":"https:\/\/dari-system.com\/cs\/otisk\/","og_locale":"cs_CZ","og_type":"article","og_title":"Otisk - DaRi System","og_description":"Informace podle \u00a7 5 TMG: DaRi-Systemteile GmbH Rudolf-Nebel-Str. 12 91781 Wei\u00dfenburg Zastoupen\u00e1: jednatelem Dr. Eckhardem Jentschem Obchodn\u00ed rejst\u0159\u00edk: M\u00edstn\u00ed soud Ansbach, HRB 4930 DI\u010c: DE272707154 Kontaktn\u00ed telefon: 09141 - 845 937 0 Fax: 09141 - 845 937 1 E-mail:\"info@dari-system.com Odpov\u011bdnost za obsah podle \u00a7 55 Abs. 2 RStV: Dr. Eckhard Jentsch V\u00fd\u0161e uveden\u00e1 adresa Odkaz [&hellip;]","og_url":"https:\/\/dari-system.com\/cs\/otisk\/","og_site_name":"DaRi System","article_modified_time":"2024-08-16T17:28:36+00:00","twitter_card":"summary_large_image","twitter_misc":{"Odhadovan\u00e1 doba \u010dten\u00ed":"5 minut"},"schema":{"@context":"https:\/\/schema.org","@graph":[{"@type":"WebPage","@id":"https:\/\/dari-system.com\/cs\/otisk\/","url":"https:\/\/dari-system.com\/cs\/otisk\/","name":"Otisk - DaRi System","isPartOf":{"@id":"https:\/\/dari-system.com\/cs\/#website"},"datePublished":"2024-05-23T13:32:49+00:00","dateModified":"2024-08-16T17:28:36+00:00","breadcrumb":{"@id":"https:\/\/dari-system.com\/cs\/otisk\/#breadcrumb"},"inLanguage":"cs","potentialAction":[{"@type":"ReadAction","target":["https:\/\/dari-system.com\/cs\/otisk\/"]}]},{"@type":"BreadcrumbList","@id":"https:\/\/dari-system.com\/cs\/otisk\/#breadcrumb","itemListElement":[{"@type":"ListItem","position":1,"name":"Startseite","item":"https:\/\/dari-system.com\/cs\/"},{"@type":"ListItem","position":2,"name":"Otisk"}]},{"@type":"WebSite","@id":"https:\/\/dari-system.com\/cs\/#website","url":"https:\/\/dari-system.com\/cs\/","name":"DaRi System","description":"","potentialAction":[{"@type":"SearchAction","target":{"@type":"EntryPoint","urlTemplate":"https:\/\/dari-system.com\/cs\/?s={search_term_string}"},"query-input":{"@type":"PropertyValueSpecification","valueRequired":true,"valueName":"search_term_string"}}],"inLanguage":"cs"}]}},"_links":{"self":[{"href":"https:\/\/dari-system.com\/cs\/wp-json\/wp\/v2\/pages\/25546984","targetHints":{"allow":["GET"]}}],"collection":[{"href":"https:\/\/dari-system.com\/cs\/wp-json\/wp\/v2\/pages"}],"about":[{"href":"https:\/\/dari-system.com\/cs\/wp-json\/wp\/v2\/types\/page"}],"author":[{"embeddable":true,"href":"https:\/\/dari-system.com\/cs\/wp-json\/wp\/v2\/users\/1"}],"replies":[{"embeddable":true,"href":"https:\/\/dari-system.com\/cs\/wp-json\/wp\/v2\/comments?post=25546984"}],"version-history":[{"count":2,"href":"https:\/\/dari-system.com\/cs\/wp-json\/wp\/v2\/pages\/25546984\/revisions"}],"predecessor-version":[{"id":25546988,"href":"https:\/\/dari-system.com\/cs\/wp-json\/wp\/v2\/pages\/25546984\/revisions\/25546988"}],"wp:attachment":[{"href":"https:\/\/dari-system.com\/cs\/wp-json\/wp\/v2\/media?parent=25546984"}],"wp:term":[{"taxonomy":"dipi_cpt_category","embeddable":true,"href":"https:\/\/dari-system.com\/cs\/wp-json\/wp\/v2\/dipi_cpt_category?post=25546984"}],"curies":[{"name":"wp","href":"https:\/\/api.w.org\/{rel}","templated":true}]}}